{"id":264,"date":"2018-03-16T21:36:33","date_gmt":"2018-03-16T20:36:33","guid":{"rendered":"https:\/\/lesdeclenches.info\/?page_id=264"},"modified":"2025-10-08T14:04:01","modified_gmt":"2025-10-08T12:04:01","slug":"performance-installation-carte-blanche","status":"publish","type":"page","link":"https:\/\/lesdeclenches.info\/index.php\/les-associes\/performance-installation-carte-blanche\/","title":{"rendered":"Perf&rsquo; &#038; Install&rsquo;"},"content":{"rendered":"\t\t<div data-elementor-type=\"wp-post\" data-elementor-id=\"264\" class=\"elementor elementor-264\">\n\t\t\t\t\t\t\t\t\t<section class=\"elementor-section elementor-top-section elementor-element elementor-element-b4bbc7c elementor-section-boxed elementor-section-height-default elementor-section-height-default\" data-id=\"b4bbc7c\" data-element_type=\"section\">\n\t\t\t\t\t\t<div class=\"elementor-container elementor-column-gap-default\">\n\t\t\t\t\t<div class=\"elementor-column elementor-col-100 elementor-top-column elementor-element elementor-element-8a4e7ff\" data-id=\"8a4e7ff\" data-element_type=\"column\">\n\t\t\t<div class=\"elementor-widget-wrap elementor-element-populated\">\n\t\t\t\t\t\t\t\t<div class=\"elementor-element elementor-element-11f2125 elementor-widget elementor-widget-heading\" data-id=\"11f2125\" data-element_type=\"widget\" data-widget_type=\"heading.default\">\n\t\t\t\t<div class=\"elementor-widget-container\">\n\t\t\t<h2 class=\"elementor-heading-title elementor-size-default\">Performances &amp; Installations - CARTES BLANCHES<\/h2>\t\t<\/div>\n\t\t\t\t<\/div>\n\t\t\t\t\t<\/div>\n\t\t<\/div>\n\t\t\t\t\t\t\t<\/div>\n\t\t<\/section>\n\t\t\t\t<section class=\"elementor-section elementor-top-section elementor-element elementor-element-4b6f0b2 elementor-section-boxed elementor-section-height-default elementor-section-height-default\" data-id=\"4b6f0b2\" data-element_type=\"section\">\n\t\t\t\t\t\t<div class=\"elementor-container elementor-column-gap-default\">\n\t\t\t\t\t<div class=\"elementor-column elementor-col-100 elementor-top-column elementor-element elementor-element-74348b5\" data-id=\"74348b5\" data-element_type=\"column\">\n\t\t\t<div class=\"elementor-widget-wrap elementor-element-populated\">\n\t\t\t\t\t\t\t\t<div class=\"elementor-element elementor-element-9d9e4fd elementor-widget elementor-widget-text-editor\" data-id=\"9d9e4fd\" data-element_type=\"widget\" data-widget_type=\"text-editor.default\">\n\t\t\t\t<div class=\"elementor-widget-container\">\n\t\t\t\t\t\t\t<p>Depuis 2018, Yves Heud\u00e8s multiplie les performances et les installations In-Situ dans des espaces atypiques non d\u00e9di\u00e9s. Au travers de ses m\u00e9diums de pr\u00e9dilection, l&rsquo;image argentique fixe et mouvement\u00e9e, le travail du plastique et de la glaise notamment, il vient convier les corps mobiles et immobiles, la musique et la parole au travers d&rsquo;installations et de performances. Dans chacune d&rsquo;elles, il travaille en \u00e9troite collaboration avec des artistes aux pratiques diverses pour parler de ses th\u00e8mes de pr\u00e9dilections : la monstruosit\u00e9, la mutation, la place de l&rsquo;image dans l&rsquo;espace public, l&rsquo;appropriation et la r\u00e9appropriation des corps dans les espaces intimes et publics, le souvenir au travers du pouvoir \u00e9vocateur de l&rsquo;image entre autres choses.\u00a0<\/p><p>\u00a0<\/p>\t\t\t\t\t\t<\/div>\n\t\t\t\t<\/div>\n\t\t\t\t\t<\/div>\n\t\t<\/div>\n\t\t\t\t\t\t\t<\/div>\n\t\t<\/section>\n\t\t\t\t<section class=\"elementor-section elementor-top-section elementor-element elementor-element-baa524f elementor-section-boxed elementor-section-height-default elementor-section-height-default\" data-id=\"baa524f\" data-element_type=\"section\">\n\t\t\t\t\t\t<div class=\"elementor-container elementor-column-gap-default\">\n\t\t\t\t\t<div class=\"elementor-column elementor-col-100 elementor-top-column elementor-element elementor-element-049b3f0\" data-id=\"049b3f0\" data-element_type=\"column\">\n\t\t\t<div class=\"elementor-widget-wrap elementor-element-populated\">\n\t\t\t\t\t\t\t\t<section class=\"elementor-section elementor-inner-section elementor-element elementor-element-dd211f8 elementor-section-boxed elementor-section-height-default elementor-section-height-default\" data-id=\"dd211f8\" data-element_type=\"section\">\n\t\t\t\t\t\t<div class=\"elementor-container elementor-column-gap-default\">\n\t\t\t\t\t<div class=\"elementor-column elementor-col-50 elementor-inner-column elementor-element elementor-element-7ef5192\" data-id=\"7ef5192\" data-element_type=\"column\">\n\t\t\t<div class=\"elementor-widget-wrap elementor-element-populated\">\n\t\t\t\t\t\t\t\t<div class=\"elementor-element elementor-element-e9fb016 elementor-widget elementor-widget-text-editor\" data-id=\"e9fb016\" data-element_type=\"widget\" data-widget_type=\"text-editor.default\">\n\t\t\t\t<div class=\"elementor-widget-container\">\n\t\t\t\t\t\t\t<h5 style=\"color: #141414; font-family: 'YAD7Qybjw1I 0', _fb_, auto; --font-size: 18.6667px; --line-height: 1.12; line-height: 20px;\"><strong><u>29<\/u><\/strong><b><u><strong> Nov. 202<\/strong>3<\/u><\/b>\/Performance \u00ab\u00a0Folie Douce\u00a0\u00bb\/La Fabulerie\/Marseille<\/h5><h5 style=\"color: #141414; font-family: 'YAD7Qybjw1I 0', _fb_, auto; --font-size: 18.6667px; --line-height: 1.12; line-height: 20px;\"><b><u>14 Sept. 2023<\/u><\/b>\/Performance Photographique In-Situ\/Mus\u00e9e des Arts et M\u00e9tiers\/Agence WATO\/Paris<\/h5><h5 style=\"color: #141414; font-family: 'YAD7Qybjw1I 0', _fb_, auto; --font-size: 18.6667px; --line-height: 1.12; line-height: 20px;\"><u><b>12 Ao\u00fbt 2023<\/b><\/u>\/Performance In-Situ FALAISE\/<span style=\"font-weight: var( --e-global-typography-text-font-weight );\">Festival La Fourberie en Sc\u00e8nes\/Saint-Lunaire (CI-JOINT)<\/span><\/h5><h5 style=\"color: #141414; font-family: 'YAD7Qybjw1I 0', _fb_, auto; --font-size: 18.6667px; --line-height: 1.12; line-height: 20px;\"><span style=\"text-decoration: underline;\"><strong>11 Ao\u00fbt 2023<\/strong><\/span>\/Performance In-Situ REFLETS (Danse-Musique-Th\u00e9\u00e2tre) pour 6 vitrines\/Festival La Fourberie en Sc\u00e8nes\/Saint-Lunaire <span style=\"font-weight: var( --e-global-typography-text-font-weight );\">(CI-JOINT)<\/span><\/h5><h5 style=\"color: #141414; font-family: 'YAD7Qybjw1I 0', _fb_, auto; --font-size: 18.6667px; --line-height: 1.12; line-height: 20px;\"><span style=\"text-decoration: underline;\"><strong>1er Juillet au 14 Ao\u00fbt 2023\/<\/strong><\/span>Installation Immersive AMER 134\/Dans le cadre du projet M\u00e9taphore M\u00e9tamorphos\u00e9\/Land\u00e9da <span style=\"font-weight: var( --e-global-typography-text-font-weight );\">(CI-JOINT)<\/span><\/h5><h5 style=\"color: #141414; font-family: 'YAD7Qybjw1I 0', _fb_, auto; --font-size: 18.6667px; --line-height: 1.12; line-height: 20px;\"><span style=\"text-decoration: underline;\"><strong>30 Juin 2023<\/strong><\/span>\/Performance Musicale Dessin\u00e9e et Cin\u00e9matofraphique In-Situ\/Fa\u00e7ade du S\u00e9maphore \/Collaboration avec Tom Beckman (musique) et Soizic S\u00e9on (dessin live)\/Land\u00e9da<\/h5><h5 style=\"color: #141414; font-family: 'YAD7Qybjw1I 0', _fb_, auto; --font-size: 18.6667px; --line-height: 1.12; line-height: 20px;\"><span style=\"text-decoration: underline;\"><strong>06 au 08 Mai 2023\/<\/strong><\/span>Installation Cam\u00e9ra Obscura pour cabines de plage VUE Sur MER\/Pr\u00e9-Festival La Fourberie en Sc\u00e8nes\/Saint-Lunaire <span style=\"font-weight: var( --e-global-typography-text-font-weight );\">(CI-JOINT)<\/span><\/h5><h5 style=\"color: #141414; font-family: 'YAD7Qybjw1I 0', _fb_, auto; --font-size: 18.6667px; --line-height: 1.12; line-height: 20px;\"><span style=\"text-decoration: underline;\"><strong>3 D\u00e9cembre 2022<\/strong><\/span>\/Performance Cin\u00e9matographique Dans\u00e9e\/La Fabulerie\/Marseille<\/h5><h5 style=\"color: #141414; font-family: 'YAD7Qybjw1I 0', _fb_, auto; --font-size: 18.6667px; --line-height: 1.12; line-height: 20px;\"><span style=\"text-decoration: underline;\"><strong>24 et 25 Sept. 2022<\/strong><\/span>\/Performance et Installation In-Situ IMMERSION &#8211; sur une p\u00e9niche &#8211; (musique live lecture et projection Super8)\/Festival SPLASH\/Port-Launay<\/h5><h5 style=\"color: #141414; font-family: 'YAD7Qybjw1I 0', _fb_, auto; --font-size: 18.6667px; --line-height: 1.12; line-height: 20px;\"><span style=\"text-decoration: underline;\"><strong>Sept. 2022<\/strong><\/span>\/Installaion et Exposition Participatives chez l\u2019habitante\/MPT du Plan et Mus\u00e9e de Valence\/Valence <span style=\"font-weight: var( --e-global-typography-text-font-weight );\">(CI-JOINT)<\/span><\/h5><h5 style=\"color: #141414; font-family: 'YAD7Qybjw1I 0', _fb_, auto; --font-size: 18.6667px; --line-height: 1.12; line-height: 20px;\"><span style=\"text-decoration: underline;\"><strong>Sept. 2022<\/strong><\/span>\/Ateliers St\u00e9nop\u00e9s et Exposition avec la classe Art Plastique du Lyc\u00e9e Jean Moulin\/MPT du Plan\/Valence <span style=\"font-weight: var( --e-global-typography-text-font-weight );\">(CI-JOINT)<\/span><\/h5><h5 style=\"color: #ffffff; font-family: 'YAD7Qybjw1I 0', _fb_, auto; --font-size: 18.6667px; --line-height: 1.12; line-height: 20px;\"><span style=\"color: #141414;\"><span style=\"text-decoration: underline;\"><strong>02 Ao\u00fbt 2022<\/strong><\/span>\/Performance Photographique In-Situ\/Phare de Port Halig<\/span><span style=\"color: #141414; font-weight: var( --e-global-typography-text-font-weight );\">ue<\/span><\/h5>\t\t\t\t\t\t<\/div>\n\t\t\t\t<\/div>\n\t\t\t\t\t<\/div>\n\t\t<\/div>\n\t\t\t\t<div class=\"elementor-column elementor-col-50 elementor-inner-column elementor-element elementor-element-e3ba068\" data-id=\"e3ba068\" data-element_type=\"column\">\n\t\t\t<div class=\"elementor-widget-wrap elementor-element-populated\">\n\t\t\t\t\t\t\t\t<div class=\"elementor-element elementor-element-02c760b elementor-widget elementor-widget-image\" data-id=\"02c760b\" data-element_type=\"widget\" data-widget_type=\"image.default\">\n\t\t\t\t<div class=\"elementor-widget-container\">\n\t\t\t\t\t\t\t\t\t\t\t\t\t\t\t<img decoding=\"async\" loading=\"lazy\" width=\"640\" height=\"360\" src=\"https:\/\/lesdeclenches.info\/wp-content\/uploads\/2023\/10\/30-1024x576.jpg\" class=\"attachment-large size-large wp-image-1164\" alt=\"\" srcset=\"https:\/\/lesdeclenches.info\/wp-content\/uploads\/2023\/10\/30-1024x576.jpg 1024w, https:\/\/lesdeclenches.info\/wp-content\/uploads\/2023\/10\/30-300x169.jpg 300w, https:\/\/lesdeclenches.info\/wp-content\/uploads\/2023\/10\/30-768x432.jpg 768w, https:\/\/lesdeclenches.info\/wp-content\/uploads\/2023\/10\/30-1536x864.jpg 1536w, https:\/\/lesdeclenches.info\/wp-content\/uploads\/2023\/10\/30.jpg 1920w\" sizes=\"(max-width: 640px) 100vw, 640px\" \/>\t\t\t\t\t\t\t\t\t\t\t\t\t\t\t<\/div>\n\t\t\t\t<\/div>\n\t\t\t\t<div class=\"elementor-element elementor-element-1a070bc elementor-widget elementor-widget-image\" data-id=\"1a070bc\" data-element_type=\"widget\" data-widget_type=\"image.default\">\n\t\t\t\t<div class=\"elementor-widget-container\">\n\t\t\t\t\t\t\t\t\t\t\t\t\t\t\t<img decoding=\"async\" loading=\"lazy\" width=\"225\" height=\"300\" src=\"https:\/\/lesdeclenches.info\/wp-content\/uploads\/2023\/10\/IMG-20220312-WA0004-225x300.jpg\" class=\"attachment-medium size-medium wp-image-1168\" alt=\"\" srcset=\"https:\/\/lesdeclenches.info\/wp-content\/uploads\/2023\/10\/IMG-20220312-WA0004-225x300.jpg 225w, https:\/\/lesdeclenches.info\/wp-content\/uploads\/2023\/10\/IMG-20220312-WA0004.jpg 768w\" sizes=\"(max-width: 225px) 100vw, 225px\" \/>\t\t\t\t\t\t\t\t\t\t\t\t\t\t\t<\/div>\n\t\t\t\t<\/div>\n\t\t\t\t\t<\/div>\n\t\t<\/div>\n\t\t\t\t\t\t\t<\/div>\n\t\t<\/section>\n\t\t\t\t\t<\/div>\n\t\t<\/div>\n\t\t\t\t\t\t\t<\/div>\n\t\t<\/section>\n\t\t\t\t<section class=\"elementor-section elementor-top-section elementor-element elementor-element-48a953d elementor-section-boxed elementor-section-height-default elementor-section-height-default\" data-id=\"48a953d\" data-element_type=\"section\">\n\t\t\t\t\t\t<div class=\"elementor-container elementor-column-gap-default\">\n\t\t\t\t\t<div class=\"elementor-column elementor-col-50 elementor-top-column elementor-element elementor-element-bc45e95\" data-id=\"bc45e95\" data-element_type=\"column\">\n\t\t\t<div class=\"elementor-widget-wrap elementor-element-populated\">\n\t\t\t\t\t\t\t\t<div class=\"elementor-element elementor-element-b3cae99 elementor-widget elementor-widget-image\" data-id=\"b3cae99\" data-element_type=\"widget\" data-widget_type=\"image.default\">\n\t\t\t\t<div class=\"elementor-widget-container\">\n\t\t\t\t\t\t\t\t\t\t\t\t\t\t\t<img decoding=\"async\" loading=\"lazy\" width=\"640\" height=\"905\" src=\"https:\/\/lesdeclenches.info\/wp-content\/uploads\/2023\/10\/Falaise-jpg-724x1024.jpg\" class=\"attachment-large size-large wp-image-1135\" alt=\"\" srcset=\"https:\/\/lesdeclenches.info\/wp-content\/uploads\/2023\/10\/Falaise-jpg-724x1024.jpg 724w, https:\/\/lesdeclenches.info\/wp-content\/uploads\/2023\/10\/Falaise-jpg-212x300.jpg 212w, https:\/\/lesdeclenches.info\/wp-content\/uploads\/2023\/10\/Falaise-jpg-768x1086.jpg 768w, https:\/\/lesdeclenches.info\/wp-content\/uploads\/2023\/10\/Falaise-jpg-1086x1536.jpg 1086w, https:\/\/lesdeclenches.info\/wp-content\/uploads\/2023\/10\/Falaise-jpg.jpg 1414w\" sizes=\"(max-width: 640px) 100vw, 640px\" \/>\t\t\t\t\t\t\t\t\t\t\t\t\t\t\t<\/div>\n\t\t\t\t<\/div>\n\t\t\t\t\t<\/div>\n\t\t<\/div>\n\t\t\t\t<div class=\"elementor-column elementor-col-50 elementor-top-column elementor-element elementor-element-0d8a14e\" data-id=\"0d8a14e\" data-element_type=\"column\">\n\t\t\t<div class=\"elementor-widget-wrap elementor-element-populated\">\n\t\t\t\t\t\t\t\t<div class=\"elementor-element elementor-element-c8cfcec elementor-widget elementor-widget-image\" data-id=\"c8cfcec\" data-element_type=\"widget\" data-widget_type=\"image.default\">\n\t\t\t\t<div class=\"elementor-widget-container\">\n\t\t\t\t\t\t\t\t\t\t\t\t\t\t\t<img decoding=\"async\" loading=\"lazy\" width=\"640\" height=\"905\" src=\"https:\/\/lesdeclenches.info\/wp-content\/uploads\/2023\/10\/Vue-Sur-Mer-724x1024.jpg\" class=\"attachment-large size-large wp-image-1162\" alt=\"\" srcset=\"https:\/\/lesdeclenches.info\/wp-content\/uploads\/2023\/10\/Vue-Sur-Mer-724x1024.jpg 724w, https:\/\/lesdeclenches.info\/wp-content\/uploads\/2023\/10\/Vue-Sur-Mer-212x300.jpg 212w, https:\/\/lesdeclenches.info\/wp-content\/uploads\/2023\/10\/Vue-Sur-Mer-768x1086.jpg 768w, https:\/\/lesdeclenches.info\/wp-content\/uploads\/2023\/10\/Vue-Sur-Mer-1086x1536.jpg 1086w, https:\/\/lesdeclenches.info\/wp-content\/uploads\/2023\/10\/Vue-Sur-Mer.jpg 1414w\" sizes=\"(max-width: 640px) 100vw, 640px\" \/>\t\t\t\t\t\t\t\t\t\t\t\t\t\t\t<\/div>\n\t\t\t\t<\/div>\n\t\t\t\t\t<\/div>\n\t\t<\/div>\n\t\t\t\t\t\t\t<\/div>\n\t\t<\/section>\n\t\t\t\t<section class=\"elementor-section elementor-top-section elementor-element elementor-element-2041bb1 elementor-section-boxed elementor-section-height-default elementor-section-height-default\" data-id=\"2041bb1\" data-element_type=\"section\">\n\t\t\t\t\t\t<div class=\"elementor-container elementor-column-gap-default\">\n\t\t\t\t\t<div class=\"elementor-column elementor-col-100 elementor-top-column elementor-element elementor-element-778ba93\" data-id=\"778ba93\" data-element_type=\"column\">\n\t\t\t<div class=\"elementor-widget-wrap elementor-element-populated\">\n\t\t\t\t\t\t\t\t<div class=\"elementor-element elementor-element-2f9a2eb elementor-widget elementor-widget-image\" data-id=\"2f9a2eb\" data-element_type=\"widget\" data-widget_type=\"image.default\">\n\t\t\t\t<div class=\"elementor-widget-container\">\n\t\t\t\t\t\t\t\t\t\t\t\t\t\t\t<img decoding=\"async\" loading=\"lazy\" width=\"640\" height=\"360\" src=\"https:\/\/lesdeclenches.info\/wp-content\/uploads\/2023\/10\/31-1024x576.jpg\" class=\"attachment-large size-large wp-image-1165\" alt=\"\" srcset=\"https:\/\/lesdeclenches.info\/wp-content\/uploads\/2023\/10\/31-1024x576.jpg 1024w, https:\/\/lesdeclenches.info\/wp-content\/uploads\/2023\/10\/31-300x169.jpg 300w, https:\/\/lesdeclenches.info\/wp-content\/uploads\/2023\/10\/31-768x432.jpg 768w, https:\/\/lesdeclenches.info\/wp-content\/uploads\/2023\/10\/31-1536x864.jpg 1536w, https:\/\/lesdeclenches.info\/wp-content\/uploads\/2023\/10\/31.jpg 1920w\" sizes=\"(max-width: 640px) 100vw, 640px\" \/>\t\t\t\t\t\t\t\t\t\t\t\t\t\t\t<\/div>\n\t\t\t\t<\/div>\n\t\t\t\t\t<\/div>\n\t\t<\/div>\n\t\t\t\t\t\t\t<\/div>\n\t\t<\/section>\n\t\t\t\t<section class=\"elementor-section elementor-top-section elementor-element elementor-element-bc1414d elementor-section-boxed elementor-section-height-default elementor-section-height-default\" data-id=\"bc1414d\" data-element_type=\"section\">\n\t\t\t\t\t\t<div class=\"elementor-container elementor-column-gap-default\">\n\t\t\t\t\t<div class=\"elementor-column elementor-col-50 elementor-top-column elementor-element elementor-element-f90b3ab\" data-id=\"f90b3ab\" data-element_type=\"column\">\n\t\t\t<div class=\"elementor-widget-wrap elementor-element-populated\">\n\t\t\t\t\t\t\t\t<div class=\"elementor-element elementor-element-e848001 elementor-widget elementor-widget-image\" data-id=\"e848001\" data-element_type=\"widget\" data-widget_type=\"image.default\">\n\t\t\t\t<div class=\"elementor-widget-container\">\n\t\t\t\t\t\t\t\t\t\t\t\t\t\t\t<img decoding=\"async\" loading=\"lazy\" width=\"640\" height=\"360\" src=\"https:\/\/lesdeclenches.info\/wp-content\/uploads\/2023\/10\/32-1024x576.jpg\" class=\"attachment-large size-large wp-image-1166\" alt=\"\" srcset=\"https:\/\/lesdeclenches.info\/wp-content\/uploads\/2023\/10\/32-1024x576.jpg 1024w, https:\/\/lesdeclenches.info\/wp-content\/uploads\/2023\/10\/32-300x169.jpg 300w, https:\/\/lesdeclenches.info\/wp-content\/uploads\/2023\/10\/32-768x432.jpg 768w, https:\/\/lesdeclenches.info\/wp-content\/uploads\/2023\/10\/32-1536x864.jpg 1536w, https:\/\/lesdeclenches.info\/wp-content\/uploads\/2023\/10\/32.jpg 1920w\" sizes=\"(max-width: 640px) 100vw, 640px\" \/>\t\t\t\t\t\t\t\t\t\t\t\t\t\t\t<\/div>\n\t\t\t\t<\/div>\n\t\t\t\t\t<\/div>\n\t\t<\/div>\n\t\t\t\t<div class=\"elementor-column elementor-col-50 elementor-top-column elementor-element elementor-element-075b844\" data-id=\"075b844\" data-element_type=\"column\">\n\t\t\t<div class=\"elementor-widget-wrap elementor-element-populated\">\n\t\t\t\t\t\t\t\t<div class=\"elementor-element elementor-element-7127393 elementor-widget elementor-widget-image\" data-id=\"7127393\" data-element_type=\"widget\" data-widget_type=\"image.default\">\n\t\t\t\t<div class=\"elementor-widget-container\">\n\t\t\t\t\t\t\t\t\t\t\t\t\t\t\t<img decoding=\"async\" loading=\"lazy\" width=\"640\" height=\"360\" src=\"https:\/\/lesdeclenches.info\/wp-content\/uploads\/2023\/10\/33-1024x576.jpg\" class=\"attachment-large size-large wp-image-1167\" alt=\"\" srcset=\"https:\/\/lesdeclenches.info\/wp-content\/uploads\/2023\/10\/33-1024x576.jpg 1024w, https:\/\/lesdeclenches.info\/wp-content\/uploads\/2023\/10\/33-300x169.jpg 300w, https:\/\/lesdeclenches.info\/wp-content\/uploads\/2023\/10\/33-768x432.jpg 768w, https:\/\/lesdeclenches.info\/wp-content\/uploads\/2023\/10\/33-1536x864.jpg 1536w, https:\/\/lesdeclenches.info\/wp-content\/uploads\/2023\/10\/33.jpg 1920w\" sizes=\"(max-width: 640px) 100vw, 640px\" \/>\t\t\t\t\t\t\t\t\t\t\t\t\t\t\t<\/div>\n\t\t\t\t<\/div>\n\t\t\t\t\t<\/div>\n\t\t<\/div>\n\t\t\t\t\t\t\t<\/div>\n\t\t<\/section>\n\t\t\t\t<section class=\"elementor-section elementor-top-section elementor-element elementor-element-baf3e7c elementor-section-boxed elementor-section-height-default elementor-section-height-default\" data-id=\"baf3e7c\" data-element_type=\"section\">\n\t\t\t\t\t\t<div class=\"elementor-container elementor-column-gap-default\">\n\t\t\t\t\t<div class=\"elementor-column elementor-col-100 elementor-top-column elementor-element elementor-element-2847086\" data-id=\"2847086\" data-element_type=\"column\">\n\t\t\t<div class=\"elementor-widget-wrap elementor-element-populated\">\n\t\t\t\t\t\t\t\t<div class=\"elementor-element elementor-element-e4be832 elementor-widget elementor-widget-heading\" data-id=\"e4be832\" data-element_type=\"widget\" data-widget_type=\"heading.default\">\n\t\t\t\t<div class=\"elementor-widget-container\">\n\t\t\t<h2 class=\"elementor-heading-title elementor-size-medium\"><p>CAMERA OBSCURA 2021\/<\/p><p>Partenariat avec le Mus\u00e9e d'Art Moderne de la Ville de Valence et la MPT du Plan<span style=\"color: var( --e-global-color-primary ); font-family: var( --e-global-typography-primary-font-family ), Sans-serif; font-weight: var( --e-global-typography-primary-font-weight );\"><\/span><\/p><\/h2>\t\t<\/div>\n\t\t\t\t<\/div>\n\t\t\t\t\t<\/div>\n\t\t<\/div>\n\t\t\t\t\t\t\t<\/div>\n\t\t<\/section>\n\t\t\t\t<section class=\"elementor-section elementor-top-section elementor-element elementor-element-b8e13bc elementor-section-boxed elementor-section-height-default elementor-section-height-default\" data-id=\"b8e13bc\" data-element_type=\"section\">\n\t\t\t\t\t\t<div class=\"elementor-container elementor-column-gap-default\">\n\t\t\t\t\t<div class=\"elementor-column elementor-col-50 elementor-top-column elementor-element elementor-element-4f56d98\" data-id=\"4f56d98\" data-element_type=\"column\">\n\t\t\t<div class=\"elementor-widget-wrap elementor-element-populated\">\n\t\t\t\t\t\t\t\t<div class=\"elementor-element elementor-element-ac42125 elementor-widget elementor-widget-image\" data-id=\"ac42125\" data-element_type=\"widget\" data-widget_type=\"image.default\">\n\t\t\t\t<div class=\"elementor-widget-container\">\n\t\t\t\t\t\t\t\t\t\t\t\t\t\t\t<img decoding=\"async\" loading=\"lazy\" width=\"245\" height=\"205\" src=\"https:\/\/lesdeclenches.info\/wp-content\/uploads\/2021\/03\/images-3.jpg\" class=\"attachment-large size-large wp-image-705\" alt=\"\" \/>\t\t\t\t\t\t\t\t\t\t\t\t\t\t\t<\/div>\n\t\t\t\t<\/div>\n\t\t\t\t\t<\/div>\n\t\t<\/div>\n\t\t\t\t<div class=\"elementor-column elementor-col-50 elementor-top-column elementor-element elementor-element-e0237db\" data-id=\"e0237db\" data-element_type=\"column\">\n\t\t\t<div class=\"elementor-widget-wrap elementor-element-populated\">\n\t\t\t\t\t\t\t\t<div class=\"elementor-element elementor-element-d802348 elementor-widget elementor-widget-text-editor\" data-id=\"d802348\" data-element_type=\"widget\" data-widget_type=\"text-editor.default\">\n\t\t\t\t<div class=\"elementor-widget-container\">\n\t\t\t\t\t\t\t<p>La Cam\u00e9ra Obscura est un proc\u00e9d\u00e9, une invention\/d\u00e9couverte dont les peintres vont rapidement se saisir notamment pour r\u00e9aliser de grandes esquisses et poser les jalons d\u2019\u0153uvres parfois monumentales. Le principe de la Cam\u00e9ra Obscura a tr\u00e8s largement inspir\u00e9 les photographes, de Louis Daguerre \u00e0 Nic\u00e9phore Ni\u00e8pce jusqu\u2019\u00e0 aujourd\u2019hui o\u00f9 le principe est utilis\u00e9 pour des installations dans des mus\u00e9es d\u2019Art Contemporain jusqu\u2019\u00e0, \u00e0 une dimension moindre, la fabrication de st\u00e9nop\u00e9s dans des canettes de bi\u00e8re, des bo\u00eetes \u00e0 chaussures voir des caravanes par des st\u00e9nophiles bricoleurs.<\/p><p>Munis de draps noirs, de scotch et d\u2019un iris d\u2019appareil photographique, avec un groupe de 4 \u00e0 5 adultes, nous nous rendons chez l\u2019habitant. Nous r\u00e9alisons par de longs temps de poses, des portraits de r\u00e9sidents du quartier dont le salon, la cuisine ou la loggia donne directement sur les Ch\u00e2teaux d\u2019Eau du quartier du Plan \u00e0 Valence, devenant ainsi un appareil photographique g\u00e9ant. Par l\u2019interm\u00e9diaire d\u2019un appareil num\u00e9rique, avec un temps de pose prolong\u00e9, nous viendrions capturer cette projection de l\u2019univers ext\u00e9rieur dans le fort int\u00e9rieur, double exposition d\u2019un habitant sur lequel se projette ces colosses de b\u00e9ton. Le mobilier d\u2019int\u00e9rieur devient mobilier urbain, les habitants assis sur leurs fauteuils, entour\u00e9s de leur objets du quotidien, deviennent \u00e9cran des fantasmes architecturaux.<\/p>\t\t\t\t\t\t<\/div>\n\t\t\t\t<\/div>\n\t\t\t\t\t<\/div>\n\t\t<\/div>\n\t\t\t\t\t\t\t<\/div>\n\t\t<\/section>\n\t\t\t\t<section class=\"elementor-section elementor-top-section elementor-element elementor-element-7516086 elementor-section-boxed elementor-section-height-default elementor-section-height-default\" data-id=\"7516086\" data-element_type=\"section\">\n\t\t\t\t\t\t<div class=\"elementor-container elementor-column-gap-default\">\n\t\t\t\t\t<div class=\"elementor-column elementor-col-100 elementor-top-column elementor-element elementor-element-447c0cf\" data-id=\"447c0cf\" data-element_type=\"column\">\n\t\t\t<div class=\"elementor-widget-wrap elementor-element-populated\">\n\t\t\t\t\t\t\t\t<div class=\"elementor-element elementor-element-d627144 elementor-widget elementor-widget-heading\" data-id=\"d627144\" data-element_type=\"widget\" data-widget_type=\"heading.default\">\n\t\t\t\t<div class=\"elementor-widget-container\">\n\t\t\t<h2 class=\"elementor-heading-title elementor-size-default\">GLACIS D'EMERAUDE 2021\/<\/h2>\t\t<\/div>\n\t\t\t\t<\/div>\n\t\t\t\t\t<\/div>\n\t\t<\/div>\n\t\t\t\t\t\t\t<\/div>\n\t\t<\/section>\n\t\t\t\t<section class=\"elementor-section elementor-top-section elementor-element elementor-element-f94da24 elementor-section-boxed elementor-section-height-default elementor-section-height-default\" data-id=\"f94da24\" data-element_type=\"section\">\n\t\t\t\t\t\t<div class=\"elementor-container elementor-column-gap-default\">\n\t\t\t\t\t<div class=\"elementor-column elementor-col-100 elementor-top-column elementor-element elementor-element-b60ed2c\" data-id=\"b60ed2c\" data-element_type=\"column\">\n\t\t\t<div class=\"elementor-widget-wrap elementor-element-populated\">\n\t\t\t\t\t\t\t\t<div class=\"elementor-element elementor-element-5a51f66 elementor-widget elementor-widget-text-editor\" data-id=\"5a51f66\" data-element_type=\"widget\" data-widget_type=\"text-editor.default\">\n\t\t\t\t<div class=\"elementor-widget-container\">\n\t\t\t\t\t\t\t<p>Ce projet photographique in-situ a \u00e9t\u00e9 pens\u00e9 afin de mettre en avant les ouvriers d&rsquo;une entreprise de peinture en b\u00e2timent en valorisant ceux et celles qui hiver comme \u00e9t\u00e9 suspendus aux fa\u00e7ades embellisses les demeures de la C\u00f4te d&rsquo;Emeraude en Bretagne. Les s\u00e9ances \u00e0 la chambre au sein de l&rsquo;atelier o\u00f9 reposent leurs \u00e9chafaudages, leurs rouleaux, leurs pinceaux, leurs blancs de travail est devenu le temps des prises de vues au format 13\/18 \u00e0 l&rsquo;ancienne un studio photographique.<\/p><p>Ces portraits, bien plus qu&rsquo;une accumulation, racontent autour d&rsquo;une fresque gigantesque accroch\u00e9e dans leurs locaux l&rsquo;histoire d&rsquo;une entreprise familiale o\u00f9 s&rsquo;entrecroisent des aspirations et des perceptions tr\u00e8s personnel du m\u00e9tier de peintre.<\/p>\t\t\t\t\t\t<\/div>\n\t\t\t\t<\/div>\n\t\t\t\t\t<\/div>\n\t\t<\/div>\n\t\t\t\t\t\t\t<\/div>\n\t\t<\/section>\n\t\t\t\t<section class=\"elementor-section elementor-top-section elementor-element elementor-element-0772ea4 elementor-section-boxed elementor-section-height-default elementor-section-height-default\" data-id=\"0772ea4\" data-element_type=\"section\">\n\t\t\t\t\t\t<div class=\"elementor-container elementor-column-gap-default\">\n\t\t\t\t\t<div class=\"elementor-column elementor-col-50 elementor-top-column elementor-element elementor-element-707135b\" data-id=\"707135b\" data-element_type=\"column\">\n\t\t\t<div class=\"elementor-widget-wrap elementor-element-populated\">\n\t\t\t\t\t\t\t\t<div class=\"elementor-element elementor-element-b9e3149 elementor-widget elementor-widget-image\" data-id=\"b9e3149\" data-element_type=\"widget\" data-widget_type=\"image.default\">\n\t\t\t\t<div class=\"elementor-widget-container\">\n\t\t\t\t\t\t\t\t\t\t\t\t\t\t\t<img decoding=\"async\" loading=\"lazy\" width=\"480\" height=\"320\" src=\"https:\/\/lesdeclenches.info\/wp-content\/uploads\/2022\/12\/image6-e1671447387751.jpg\" class=\"attachment-large size-large wp-image-1059\" alt=\"\" srcset=\"https:\/\/lesdeclenches.info\/wp-content\/uploads\/2022\/12\/image6-e1671447387751.jpg 480w, https:\/\/lesdeclenches.info\/wp-content\/uploads\/2022\/12\/image6-e1671447387751-300x200.jpg 300w\" sizes=\"(max-width: 480px) 100vw, 480px\" \/>\t\t\t\t\t\t\t\t\t\t\t\t\t\t\t<\/div>\n\t\t\t\t<\/div>\n\t\t\t\t\t<\/div>\n\t\t<\/div>\n\t\t\t\t<div class=\"elementor-column elementor-col-50 elementor-top-column elementor-element elementor-element-e5ad351\" data-id=\"e5ad351\" data-element_type=\"column\">\n\t\t\t<div class=\"elementor-widget-wrap elementor-element-populated\">\n\t\t\t\t\t\t\t\t<div class=\"elementor-element elementor-element-ccdb0e1 elementor-widget elementor-widget-image\" data-id=\"ccdb0e1\" data-element_type=\"widget\" data-widget_type=\"image.default\">\n\t\t\t\t<div class=\"elementor-widget-container\">\n\t\t\t\t\t\t\t\t\t\t\t\t\t\t\t<img decoding=\"async\" loading=\"lazy\" width=\"300\" height=\"229\" src=\"https:\/\/lesdeclenches.info\/wp-content\/uploads\/2021\/03\/image7-300x229-1.jpg\" class=\"attachment-large size-large wp-image-702\" alt=\"\" \/>\t\t\t\t\t\t\t\t\t\t\t\t\t\t\t<\/div>\n\t\t\t\t<\/div>\n\t\t\t\t\t<\/div>\n\t\t<\/div>\n\t\t\t\t\t\t\t<\/div>\n\t\t<\/section>\n\t\t\t\t\t\t\t<\/div>\n\t\t","protected":false},"excerpt":{"rendered":"<p>Performances &amp; Installations &#8211; CARTES BLANCHES Depuis 2018, Yves Heud\u00e8s multiplie les performances et les installations In-Situ dans des espaces atypiques non d\u00e9di\u00e9s. Au travers de ses m\u00e9diums de pr\u00e9dilection, l&rsquo;image argentique fixe et mouvement\u00e9e, le travail du plastique et de la glaise notamment, il vient convier les corps mobiles et immobiles, la musique et [&hellip;]<\/p>\n","protected":false},"author":2,"featured_media":0,"parent":889,"menu_order":8,"comment_status":"closed","ping_status":"closed","template":"","meta":{"footnotes":""},"_links":{"self":[{"href":"https:\/\/lesdeclenches.info\/index.php\/wp-json\/wp\/v2\/pages\/264"}],"collection":[{"href":"https:\/\/lesdeclenches.info\/index.php\/wp-json\/wp\/v2\/pages"}],"about":[{"href":"https:\/\/lesdeclenches.info\/index.php\/wp-json\/wp\/v2\/types\/page"}],"author":[{"embeddable":true,"href":"https:\/\/lesdeclenches.info\/index.php\/wp-json\/wp\/v2\/users\/2"}],"replies":[{"embeddable":true,"href":"https:\/\/lesdeclenches.info\/index.php\/wp-json\/wp\/v2\/comments?post=264"}],"version-history":[{"count":46,"href":"https:\/\/lesdeclenches.info\/index.php\/wp-json\/wp\/v2\/pages\/264\/revisions"}],"predecessor-version":[{"id":1420,"href":"https:\/\/lesdeclenches.info\/index.php\/wp-json\/wp\/v2\/pages\/264\/revisions\/1420"}],"up":[{"embeddable":true,"href":"https:\/\/lesdeclenches.info\/index.php\/wp-json\/wp\/v2\/pages\/889"}],"wp:attachment":[{"href":"https:\/\/lesdeclenches.info\/index.php\/wp-json\/wp\/v2\/media?parent=264"}],"curies":[{"name":"wp","href":"https:\/\/api.w.org\/{rel}","templated":true}]}}