{"id":931,"date":"2022-11-23T16:09:24","date_gmt":"2022-11-23T15:09:24","guid":{"rendered":"https:\/\/lesdeclenches.info\/?page_id=931"},"modified":"2025-10-09T10:52:22","modified_gmt":"2025-10-09T08:52:22","slug":"projets-passes-archives","status":"publish","type":"page","link":"https:\/\/lesdeclenches.info\/index.php\/les-associes\/projets-passes-archives\/","title":{"rendered":"Archives"},"content":{"rendered":"<h2 class=\"wp-block-heading\">La Caravane \u00e0 Paulo<\/h2>\n<h5 class=\"wp-block-heading\">Entresort Po\u00e9tique Vintage\/projections et diapositives de vacances\/cam\u00e9ra obscura g\u00e9ante<\/h5>\n<p>De retour de vacances en famille sur la c\u00f4te Espagnol, Paulo accueille ses amis chez lui ou plut\u00f4t au coeur de sa caravane pour une projection du film de leurs vacances. Il a \u00e9galement quelques diapos Paulo, \u00e0 distiller \u00e0 l&rsquo;heure de l&rsquo;ap\u00e9ro entre anecdotes truculentes, analyses sociologiques pouss\u00e9es, d\u00e9couvertes ethnologiques chamboulantes, conseils gastronomiques et gastriques poin-tus.<\/p>\n<p>Utilisant des projecteurs Super 8 avec des films de famille des 70\u2019s, une Entresort en caravane et d\u00e9cor ext\u00e9rieur (environ 25 m2). La Caravane mont\u00e9e d&rsquo;une iris photographique est transform\u00e9e en appareil photographique dans lequel les spectateurs p\u00e9n\u00e8trent. Leurs visages pareils \u00e0 des bobines, leurs v\u00eatements pareils \u00e0 du papier photographique vierge ; l&rsquo;ext\u00e9rieur se projette alors dans leur fort int\u00e9rieur.<\/p>\n<p><strong>D\u00e8s 12 ans -4 heures &#8211; 3 \u00e0 6 personnes &#8211; 4 passages\/h &#8211; Jour et Nuit<\/strong><\/p>\n<figure class=\"wp-block-image\"><img decoding=\"async\" src=\"https:\/\/lesdeclenches.info\/wp-content\/uploads\/2020\/12\/IMG_20190822_143543-768x576.jpg\" alt=\"\" \/><\/figure>\n<h2 class=\"wp-block-heading\">L&rsquo;Ultime Portrait<\/h2>\n<h4 class=\"wp-block-heading\">Studio Photographique Mortuaire D\u00e9jant\u00e9<\/h4>\n<figure class=\"wp-block-image\"><img decoding=\"async\" src=\"https:\/\/lesdeclenches.info\/wp-content\/uploads\/2021\/03\/images.jpg\" alt=\"\" \/><\/figure>\n<figure class=\"wp-block-image\"><img decoding=\"async\" src=\"https:\/\/lesdeclenches.info\/wp-content\/uploads\/2021\/03\/images-7.jpg\" alt=\"\" \/><\/figure>\n<figure class=\"wp-block-image\"><img decoding=\"async\" src=\"https:\/\/lesdeclenches.info\/wp-content\/uploads\/2021\/03\/images-6.jpg\" alt=\"\" \/><\/figure>\n<p>Des rois anciens aux stars d&rsquo;aujourd&rsquo;hui, de Maradonna \u00e0 L\u00e9nine en passant par des milliers d&rsquo;anonymes\u2026 Le clich\u00e9 mortuaire fait partie du l&rsquo;univers de la photographie et vient questionner le rapport des soci\u00e9t\u00e9s \u00e0 la disparition, \u00e0 la mort et \u00e0 sa repr\u00e9sentation par les ultimes clich\u00e9s d&rsquo;une enveloppe corporelle inanim\u00e9e et inerte aux expressions liss\u00e9es.<\/p>\n<p>Tr\u00e8s r\u00e9pandu au si\u00e8cle dernier, ce rituel codifi\u00e9 tente de donner \u00e0 voir une image fid\u00e8le mais toujours modifi\u00e9e par le maquillage, les v\u00eatements, les \u00e9clairages et les interventions m\u00e9dicales permettant de pr\u00e9senter aux peuples, aux fans, aux voyeurs et aux familles une repr\u00e9sentation \u00ab\u00a0concordante\u00a0\u00bb.<\/p>\n<p>Pour le photographe accompagn\u00e9 de son accessoiriste\/maquilleur Jo le Taxidermiste, issu de l&rsquo;univers du cabaret, la prise de vue est simplifi\u00e9e. Finis les flous, les caprices des mod\u00e8les, les fronts qui perlent sous la chaleur ; le mod\u00e8le se donne corps et sans \u00e2me \u00e0 l&rsquo;artiste.<\/p>\n<p>Ne souriez plus jamais, vous \u00eates photographi\u00e9s !<\/p>\n<p>Venez d\u00e9couvrir ce que vous donnerez \u00e0 voir lorsque votre nom appara\u00eetra dans les pages n\u00e9crologiques.<\/p>\n<p><strong>D\u00e8s 18 ans &#8211; 2 \u00e0 6 pers. &#8211; 4 heures &#8211; 4 passages\/h &#8211; Jour\/Nuit<\/strong><\/p>\n<figure class=\"wp-block-image\"><img decoding=\"async\" src=\"https:\/\/lesdeclenches.info\/wp-content\/uploads\/2021\/03\/images-1.jpg\" alt=\"\" \/><\/figure>\n<figure class=\"wp-block-image\"><img decoding=\"async\" src=\"https:\/\/lesdeclenches.info\/wp-content\/uploads\/2021\/03\/telechargement.jpg\" alt=\"\" \/><\/figure>\n<figure class=\"wp-block-image\"><img decoding=\"async\" src=\"https:\/\/lesdeclenches.info\/wp-content\/uploads\/2021\/03\/images-2.jpg\" alt=\"\" \/><\/figure>\n<h2>Magic-Box<\/h2>\n<h2>Spectacle R\u00e9tro-Futuriste (prises de vues &amp; r\u00e9v\u00e9lation en direct sur sc\u00e8ne)<\/h2>\n<figure><img decoding=\"async\" src=\"https:\/\/lesdeclenches.info\/wp-content\/uploads\/2018\/03\/DSC09083-768x433.jpg\" alt=\"DSC09083\" \/><\/figure>\n<figure><img decoding=\"async\" src=\"https:\/\/lesdeclenches.info\/wp-content\/uploads\/2018\/03\/DSC09086-768x433.jpg\" alt=\"DSC09086\" \/><\/figure>\n<figure><img decoding=\"async\" src=\"https:\/\/lesdeclenches.info\/wp-content\/uploads\/2018\/03\/DSC09097-768x433.jpg\" alt=\"DSC09097\" \/><\/figure>\n<p>La magie du d\u00e9veloppement sous vos yeux \u00e9bahis !<\/p>\n<p>De ce papier blanc muet qui somnole de n\u2019avoir jamais vu la lumi\u00e8re, sortira, apr\u00e8s une multitudes de manipulations dont les D\u00e9clench\u00e9s ont le secret des photographies prises en directes sur la sc\u00e8ne am\u00e9nag\u00e9e, le temps du spectacle, en studio et en laboratoire photographique ! La cam\u00e9ra dissimul\u00e9e dans le laboratoire r\u00e9v\u00e9lera en noir et blanc entre deux inter-titres ce qui s&rsquo;est jou\u00e9 quelques instants avant sur sc\u00e8ne ; le tout projet\u00e9 sur grand \u00e9cran !<\/p>\n<p>Un spectateur sera peut-\u00eatre m\u00eame convi\u00e9 \u00e0 jouer les mod\u00e8les, sous les feux des projecteurs et sous les yeux des curieux qui ont toujours r\u00eav\u00e9s de voir surgir dans un bain berc\u00e9 par la lumi\u00e8re rouge, une photographie qui peu \u00e0 peu appara\u00eet, se dessine.<\/p>\n<p>Les musiques du d\u00e9but du si\u00e8cle dernier portent cette farce burlesque d&rsquo;un autre temps, muette mais tellement parlante.<\/p>\n<h2>Simulation en Haute Mer (en partenariat avec la Marine Nationale) :<\/h2>\n<h2>Proposition Bien Sal\u00e9e dans le Cadre du Festival International des B\u00e2teaux Spectacles<\/h2>\n<p>Instructrices, Instructeurs, Bidasses, GI Jo, Colonelles, G\u00e9n\u00e9rales, Ma\u00eetresses Nageuses, D\u00e9formateurs.<\/p>\n<p>Nous avons le plaisir de vous faire part de la naissance d\u2019un Stimulateur Embarqu\u00e9 sur les quais Bretons. Un simulateur sans simulation puisque les heureux participants vont vraiment mouiller leurs chemises, se prendre du varech dans les narines, rev\u00eatir des combinaisons de survie, man\u0153uvrer ou presque dans le port, s\u2019adonner aux plaisirs de la houle, faire chanter les \u00e9copes\u2026 Toutes ces actions extr\u00eames seront encadr\u00e9s par l\u2019\u00e9lite de la Marine Nationale, fleuron de notre arm\u00e9e bleue blanche et rouge, tri\u00e9e sur le volet roulant. Ils ont fait le Golfe, d\u00e9coll\u00e9 du Charles de Gaulle, ramp\u00e9 en Nouvelle Guin\u00e9e, creus\u00e9 des tranch\u00e9es \u00e0 Verdun, regard\u00e9 le Soldat Ryan un soir d\u2019Armistice,\u2026 Maintenant, forts de leurs exp\u00e9riences et plein d\u2019une f\u00e9roce envie de transmettre leur savoir, ils ont \u00e9t\u00e9 choisis pour former les nouvelles recrues et tester un nouveau simulateur qui a fait ses preuves dans toutes les campagnes en eaux troubles et profondes, de la guerre de l\u2019Ile de France \u00e0 la prise de la Pastis. Venez former le Corps d\u2019Elite de l\u2019Arm\u00e9e de la Mer d\u2019Iroise.<\/p>\n<p align=\"justify\">\u00ab\u00a0Un vrai enjeu g\u00e9opolitique digne de la Baie des Cochons\u00a0\u00bb<\/p>\n<p align=\"justify\">Guy Cotten<\/p>\n<figure><img decoding=\"async\" src=\"https:\/\/lesdeclenches.info\/wp-content\/uploads\/2019\/02\/43238506_2090700181245615_3022809111185063936_o.jpg\" alt=\"43238506_2090700181245615_3022809111185063936_o\" \/><\/figure>\n<figure><img decoding=\"async\" src=\"https:\/\/lesdeclenches.info\/wp-content\/uploads\/2019\/03\/2018-09-29_2festival_locmiquelic_renaud_menoud_024.jpg\" alt=\"2018-09-29_2festival_locmiquelic_renaud_menoud_024\" \/><\/figure>\n<figure><img decoding=\"async\" src=\"https:\/\/lesdeclenches.info\/wp-content\/uploads\/2019\/02\/43129879_2090700384578928_7174882866721980416_o.jpg\" alt=\"43129879_2090700384578928_7174882866721980416_o\" \/><\/figure>\n<h2>Mais que donc allez-vous faire dans cette gal\u00e8re ?<\/h2>\n<h2>D\u00e9couverte D\u00e9jant\u00e9e et Th\u00e9\u00e2tralis\u00e9e du Processus Photographique<\/h2>\n<p>On entre, puis on sort ! Plus tout \u00e0 fait le m\u00eame !<\/p>\n<p>Une travers\u00e9e dans l&rsquo;espace et le temps, dans une s\u00e9rie de pi\u00e8ces et d&rsquo;univers qui se succ\u00e8dent, s&rsquo;accumulent, se m\u00e9langent, se juxtaposant toujours autour du grain d&rsquo;argent, de l&rsquo;appareil photographique,&#8230; Directement ou indirectement, les D\u00e9clench\u00e9s et leurs acolytes viennent questionner la place du sujet, du mod\u00e8le et se jouent des st\u00e9r\u00e9otypes du photographe star, des chimistes\/scientifiques autistes et des h\u00f4tesses am\u00e9ricaines accueillantes&#8230;<\/p>\n<p>Le spectateur\/acteur deviendra mod\u00e8le devant l&rsquo;oeil d&rsquo;un photographe italien et son assistante am\u00e9ricaine loufoques avant de rencontrer un laborantin toqu\u00e9 dans une vraie chambre noire pour r\u00e9aliser le d\u00e9veloppement de la photographie dont il est le mod\u00e8le et enfin de d\u00e9couvrir aupr\u00e8s d&rsquo;une galeriste d&rsquo;art sous oeuvre encadr\u00e9e et accroch\u00e9e au mur. Court circuit et circuit court.<\/p>\n<p>Ce spectacle immersif ludique permet aux participants de d\u00e9couvrir l&rsquo;ensemble du processus photographique argentique de mani\u00e8re ludique, acide et th\u00e9\u00e2tralis\u00e9.<\/p>\n<p>D\u00e8s 18 an, 15 minutes, 1 \u00e0 4 personnes<\/p>\n<p>3 passages par heure<\/p>\n<p>Jour et Nuit<\/p>\n<p><img decoding=\"async\" loading=\"lazy\" src=\"https:\/\/lesdeclenches.info\/wp-content\/uploads\/2018\/03\/20170326_171124-1024x576.jpg\" sizes=\"(max-width: 640px) 100vw, 640px\" srcset=\"https:\/\/lesdeclenches.info\/wp-content\/uploads\/2018\/03\/20170326_171124-1024x576.jpg 1024w, https:\/\/lesdeclenches.info\/wp-content\/uploads\/2018\/03\/20170326_171124-300x169.jpg 300w, https:\/\/lesdeclenches.info\/wp-content\/uploads\/2018\/03\/20170326_171124-768x432.jpg 768w\" alt=\"\" width=\"640\" height=\"360\" \/><\/p>\n","protected":false},"excerpt":{"rendered":"<p>La Caravane \u00e0 Paulo Entresort Po\u00e9tique Vintage\/projections et diapositives de vacances\/cam\u00e9ra obscura g\u00e9ante De retour de vacances en famille sur la c\u00f4te Espagnol, Paulo accueille ses amis chez lui ou plut\u00f4t au coeur de sa caravane pour une projection du film de leurs vacances. Il a \u00e9galement quelques diapos Paulo, \u00e0 distiller \u00e0 l&rsquo;heure de [&hellip;]<\/p>\n","protected":false},"author":2,"featured_media":0,"parent":889,"menu_order":0,"comment_status":"closed","ping_status":"closed","template":"","meta":{"footnotes":""},"_links":{"self":[{"href":"https:\/\/lesdeclenches.info\/index.php\/wp-json\/wp\/v2\/pages\/931"}],"collection":[{"href":"https:\/\/lesdeclenches.info\/index.php\/wp-json\/wp\/v2\/pages"}],"about":[{"href":"https:\/\/lesdeclenches.info\/index.php\/wp-json\/wp\/v2\/types\/page"}],"author":[{"embeddable":true,"href":"https:\/\/lesdeclenches.info\/index.php\/wp-json\/wp\/v2\/users\/2"}],"replies":[{"embeddable":true,"href":"https:\/\/lesdeclenches.info\/index.php\/wp-json\/wp\/v2\/comments?post=931"}],"version-history":[{"count":25,"href":"https:\/\/lesdeclenches.info\/index.php\/wp-json\/wp\/v2\/pages\/931\/revisions"}],"predecessor-version":[{"id":1759,"href":"https:\/\/lesdeclenches.info\/index.php\/wp-json\/wp\/v2\/pages\/931\/revisions\/1759"}],"up":[{"embeddable":true,"href":"https:\/\/lesdeclenches.info\/index.php\/wp-json\/wp\/v2\/pages\/889"}],"wp:attachment":[{"href":"https:\/\/lesdeclenches.info\/index.php\/wp-json\/wp\/v2\/media?parent=931"}],"curies":[{"name":"wp","href":"https:\/\/api.w.org\/{rel}","templated":true}]}}